{"id":7,"date":"2025-11-27T21:35:32","date_gmt":"2025-11-27T21:35:32","guid":{"rendered":"https:\/\/wcfuhbq.cluster121.hosting.ovh.net\/?page_id=7"},"modified":"2025-11-27T21:35:32","modified_gmt":"2025-11-27T21:35:32","slug":"avant-propos","status":"publish","type":"page","link":"https:\/\/www.cielesondesmots.com\/index.php\/avant-propos\/","title":{"rendered":"Avant propos"},"content":{"rendered":"\n<p style=\"font-size:15px\"><br>\u00ab\u00a0Vous \u00eates venus voir un spectacle, et nous, nous sommes venus pour vous raconter une histoire.\u00a0\u00bb\u00a0<em>L\u2019Incroyable histoire de J\u00e9r\u00e9my Fisher<\/em> \u00a0\u2013 m.s. Micha\u00ebl Vessereau (Boul\u00e8gue Production)<\/p>\n\n\n\n<h2 class=\"wp-block-heading\"><br><strong>Une tradition ancestrale<\/strong><\/h2>\n\n\n\n<p style=\"font-size:15px\">De tout temps, nous avons&nbsp;<strong>racont\u00e9 des histoires<\/strong>. Tradition ancestrale, orale ou \u00e9crite, les histoires se passent de bouche \u00e0 oreille, et traversent les si\u00e8cles. Depuis l\u2019exp\u00e9rience ut\u00e9rine, le f\u0153tus, futur b\u00e9b\u00e9 entend la voix de sa m\u00e8re (lui) raconter, (lui) parler, il entend les sons, les sonorit\u00e9s, il ressent l\u2019exp\u00e9rience sensorielle de la parole. D\u00e8s lors, l\u2019<strong>\u00e2me et le corps<\/strong>&nbsp;se rejoignent,&nbsp;<strong>les sons et les mots<\/strong>&nbsp;ne faisant qu\u2019un, dans un partage total et entier.<br>C\u2019est pour cela, s\u00fbrement, que nous aimons tant&nbsp;<strong>qu\u2019on nous raconte des histoires<\/strong>. L\u2019attention que le (ra)conteur propose \u00e0 son auditeur est unique, in\u00e9dite. Une&nbsp;<strong>bulle se cr\u00e9e entre celui qui dit et celui qui \u00e9coute<\/strong>. Les mots r\u00e9sonnent dans la bouche du conteur, les images se forment dans le regard de l\u2019auditeur. La voix, les vibrations de la voix apaisent celui qui parle et celui qui \u00e9coute. Et ce, quelque soit son \u00e2ge.<br>C\u2019est pour cela que lire des histoires \u00e0 voix haute n\u2019est pas juste un loisir ou un moment de d\u00e9tente.&nbsp;<strong>Raconter des histoires est n\u00e9cessaire<\/strong>&nbsp;pour le d\u00e9veloppement du langage du jeune enfant, n\u00e9cessaire pour l\u2019apprentissage de l\u2019\u00e9criture, pour l\u2019enrichissement du vocabulaire, pour la gestion des \u00e9motions, pour le d\u00e9veloppement de l\u2019imaginaire, indispensable au&nbsp;<strong>bon d\u00e9veloppement psychique&nbsp;<\/strong>de l\u2019enfant et de l\u2019adulte.<br><strong>\u00ab&nbsp;Raconter des histoires, c\u2019est jeter un pont entre ce qui est \u00e9tabli et ce qui est possible \u00bb<\/strong>, \u00e9crit J. Bruner dans son ouvrage \u00ab&nbsp;Pourquoi nous racontons-nous des histoires&nbsp;?&nbsp;\u00bb<br>Nous souhaitons ici, avant tout,&nbsp;<strong>vous raconter des histoires.&nbsp;<\/strong>Et nous vous proposons, d\u00e8s \u00e0 pr\u00e9sent, de&nbsp;<strong>construire, ensemble, un nouveau monde des possibles.<\/strong><\/p>\n","protected":false},"excerpt":{"rendered":"<p>\u00ab\u00a0Vous \u00eates venus voir un spectacle, et nous, nous sommes venus pour vous raconter une histoire.\u00a0\u00bb\u00a0L\u2019Incroyable histoire de J\u00e9r\u00e9my Fisher \u00a0\u2013 m.s. Micha\u00ebl Vessereau (Boul\u00e8gue Production) Une tradition ancestrale De tout temps, nous avons&nbsp;racont\u00e9 des histoires. Tradition ancestrale, orale ou \u00e9crite, les histoires se passent de bouche \u00e0 oreille, et traversent les si\u00e8cles. Depuis l\u2019exp\u00e9rience&hellip; <br \/> <a class=\"read-more\" href=\"https:\/\/www.cielesondesmots.com\/index.php\/avant-propos\/\">Lire la suite<\/a><\/p>\n","protected":false},"author":2,"featured_media":0,"parent":0,"menu_order":0,"comment_status":"closed","ping_status":"closed","template":"","meta":{"footnotes":""},"class_list":["post-7","page","type-page","status-publish","hentry"],"_links":{"self":[{"href":"https:\/\/www.cielesondesmots.com\/index.php\/wp-json\/wp\/v2\/pages\/7","targetHints":{"allow":["GET"]}}],"collection":[{"href":"https:\/\/www.cielesondesmots.com\/index.php\/wp-json\/wp\/v2\/pages"}],"about":[{"href":"https:\/\/www.cielesondesmots.com\/index.php\/wp-json\/wp\/v2\/types\/page"}],"author":[{"embeddable":true,"href":"https:\/\/www.cielesondesmots.com\/index.php\/wp-json\/wp\/v2\/users\/2"}],"replies":[{"embeddable":true,"href":"https:\/\/www.cielesondesmots.com\/index.php\/wp-json\/wp\/v2\/comments?post=7"}],"version-history":[{"count":1,"href":"https:\/\/www.cielesondesmots.com\/index.php\/wp-json\/wp\/v2\/pages\/7\/revisions"}],"predecessor-version":[{"id":9,"href":"https:\/\/www.cielesondesmots.com\/index.php\/wp-json\/wp\/v2\/pages\/7\/revisions\/9"}],"wp:attachment":[{"href":"https:\/\/www.cielesondesmots.com\/index.php\/wp-json\/wp\/v2\/media?parent=7"}],"curies":[{"name":"wp","href":"https:\/\/api.w.org\/{rel}","templated":true}]}}