{"id":25,"date":"2025-11-27T21:35:27","date_gmt":"2025-11-27T21:35:27","guid":{"rendered":"https:\/\/wcfuhbq.cluster121.hosting.ovh.net\/?page_id=25"},"modified":"2025-11-27T21:35:27","modified_gmt":"2025-11-27T21:35:27","slug":"artistes-image-son-et-lumiere","status":"publish","type":"page","link":"https:\/\/www.cielesondesmots.com\/index.php\/artistes-image-son-et-lumiere\/","title":{"rendered":"Artistes image, son et lumi\u00e8re"},"content":{"rendered":"\n<p style=\"font-size:15px\"><strong>Fr\u00e9d\u00e9ric ALBERTINI \u2013 Musicien \/ Compositeur<\/strong><br><br>Fr\u00e9d\u00e9ric Albertini est auteur compositeur interpr\u00e8te et multi-instrumentiste (basse, guitare, banjo, accord\u00e9on). Il participe \u00e0 plusieurs groupes de musiques, de la chanson fran\u00e7aise originale (Olive et Lou), aux reprises pop-\u00e9lectro (Les Affranchis) et se produit sur de nombreuses sc\u00e8nes et festivals. Fr\u00e9d\u00e9ric participe \u00e9galement \u00e0 plusieurs spectacles musicaux, et a arrang\u00e9 toutes les musiques de l\u2019album \u00ab\u00a0Au C\u0153ur de nos R\u00eaves\u00a0\u00bb dont les textes ont \u00e9t\u00e9 \u00e9crits par des enfants hospitalis\u00e9s, sous la houlette de la\u00a0Cie Apr\u00e8s la Pluie.<br>Il rejoint le spectacle\u00a0\u00ab\u00a0Danse C\u00e9lestine\u00a0\u00bb\u00a0pour la cr\u00e9ation de la bande son du film d\u2019animation.<br><\/p>\n\n\n\n<p style=\"font-size:15px\"><strong>Vincent GUIBAL \u2013 \u00c9clairagiste<\/strong><br><br>\u00ab\u00a0Tomb\u00e9 dedans\u00a0quand il \u00e9tait petit \u00bb, par hasard, form\u00e9 sur le tas, notamment par Fran\u00e7oise Rouan, il suit les cours et ateliers du DEUST Formation de base aux m\u00e9tiers du spectacle \u00e0 Aix-en-Provence, tout en continuant \u00e0 apprendre sur le terrain. Habitu\u00e9 aux compagnonnages de longue haleine, il a travaill\u00e9 ou travaille encore avec de nombreuses compagnies ou th\u00e9\u00e2tres, dans toutes sortes de domaine, comme par exemple, en nouveau cirque les\u00a0<em>Art\u2019s Felus<\/em>\u00a0et les\u00a0<em>Th\u00e9\u00e2tres acrobatiques<\/em>, en th\u00e9\u00e2tre contemporain\u00a0<em>La Variante<\/em>,\u00a0<em>Kartoffeln<\/em>, le\u00a0<em>Cosmos<\/em>\u00a0<em>Kolej,<\/em>\u00a0en danse\u00a0contemporaine\u00a0<em>Itin\u00e9rrances<\/em>,\u00a0<em>2b2b<\/em>\u00a0et\u00a0<em>Kordax<\/em>, en danse\u00a0contemporaine jeune public\u00a0<em>Piccol\u00e0<\/em>\u00a0<em>Velocit\u00e0<\/em>\u00a0et\u00a0<em>Zita<\/em>\u00a0<em>la<\/em>\u00a0<em>nuit<\/em>,\u00a0en masques, marionnettes, clowns et bouffons\u00a0<em>Sam<\/em>\u00a0<em>Harkand<\/em>\u00a0<em>et<\/em>\u00a0<em>cie<\/em>\u00a0et le\u00a0<em>Th\u00e9\u00e2tre<\/em>\u00a0<em>Marie<\/em>\u2013<em>Jeanne<\/em>, en th\u00e9\u00e2tre burlesque et physique\u00a0<em>Anno<\/em>\u00a0<em>Vitale<\/em>, en contes\u00a0et musique\u00a0<em>La<\/em>\u00a0<em>Baleine<\/em>\u00a0<em>qui<\/em>\u00a0<em>dit<\/em>\u00a0<em>Vagues<\/em>\u00a0et\u00a0<em>Apr\u00e8s<\/em>\u00a0<em>la<\/em>\u00a0<em>pluie<\/em>, en po\u00e9sie et musique\u00a0<em>Soazara<\/em>\u00a0et en danse Hip-hop\u00a0<em>En<\/em>\u00a0<em>Phase<\/em>.<br>Avec cette derni\u00e8re compagnie, il met en lumi\u00e8re \u00ab\u00a0Empreintes\u00a0\u00bb, un duo avec le danseur Miguel Nosibor et le po\u00e8te Raharimanana\u2026 Il met en lumi\u00e8res, en son et en vid\u00e9o le spectacle \u00ab\u00a0Soonoo\u00a0\u00bb avec la compagnie SoaZara, jeune public pour une artiste lyrique et trois \u00e9crans.<br>Il rejoint la Cie Le Son des Mots pour la cr\u00e9ation lumi\u00e8res de \u00ab\u00a0Danse C\u00e9lestine\u00a0\u00bb.<br><\/p>\n\n\n\n<p style=\"font-size:15px\"><strong>Ad\u00e9lie PRIN \u2013 Dessinatrice \/ Graphiste<\/strong><br><br>Au sein d\u2019un cursus pluridisciplinaire aux Beaux-Arts du Mans, Ad\u00e9lie pr\u00e9cise pendant trois ann\u00e9es son projet personnel graphique et plastique. Dipl\u00f4m\u00e9e en 2004, elle int\u00e8gre ensuite \u00e0 Paris le d\u00e9partement textile de l\u2019ENSCI\u00a0(\u00c9cole Nationale Sup\u00e9rieure de Cr\u00e9ation Industrielle). En 2010, son m\u00e9moire et projet de dipl\u00f4me \u00ab\u00a0Po\u00e9sie technologique\u00a0\u00bb interroge le lien entre cr\u00e9ation textile et nouvelles technologies. Depuis, elle travaille en tant que designer textile entre cr\u00e9ativit\u00e9, sensibilit\u00e9 artistique, comp\u00e9tences techniques et industrie. Une partie de son travail consiste \u00e0 dessiner et mettre au point des motifs. Ad\u00e9lie rejoint la Cie Le Son des Mots pour la cr\u00e9ation du film d\u2019animation, au centre du spectacle\u00a0\u00ab\u00a0Danse C\u00e9lestine\u00a0\u00bb.<br><\/p>\n\n\n\n<p style=\"font-size:15px\"><strong>Maxence VINCENDEAU \u2013 Vid\u00e9aste<\/strong><br><br>Maxence commence sa carri\u00e8re \u00e0 la t\u00eate d\u2019un cin\u00e9ma associatif ai d\u00e9but des ann\u00e9es 2000 en Vend\u00e9e. Il \u00e9tudiera ensuite la r\u00e9alisation \u00e0 l\u2019EICAR\u00a0\u00e0 Cherbourg. Quelques ann\u00e9es intermittent en tant qu\u2019assistant r\u00e9a et monteur \u00e0 Paris pour le spectacle et la t\u00e9l\u00e9vision il monte ensuite sa propre soci\u00e9t\u00e9 de prestations audiovisuelles. A partir de 2010 il travaillera en freelance quelques ann\u00e9es pour l\u2019\u00e9v\u00e9nementiel et les \u00e9crans vid\u00e9os LEDs lors de concerts, spectacles, conf\u00e9rences,\u2026<br>Depuis 2017, il imagine des supports images et vid\u00e9os et \u00e9v\u00e9nements en tant que responsable com et community manager de l\u2019entreprise de textile\u00a0Safeco. Touche \u00e0 tout, curieux et passionn\u00e9, il jongle avec l\u2019image et les nouvelles technologies avec passion.<br>Maxence rejoint La Cie Le Son des Mots en tant qu\u2019animateur du film d\u2019animation sur le spectacle \u00ab\u00a0Danse C\u00e9lestine\u00a0\u00bb et vid\u00e9aste-monteur et photographe pour le spectacle\u00a0\u00ab\u00a0Cultiver l\u2019inattendu\u00a0\u00bb.<\/p>\n","protected":false},"excerpt":{"rendered":"<p>Fr\u00e9d\u00e9ric ALBERTINI \u2013 Musicien \/ Compositeur Fr\u00e9d\u00e9ric Albertini est auteur compositeur interpr\u00e8te et multi-instrumentiste (basse, guitare, banjo, accord\u00e9on). Il participe \u00e0 plusieurs groupes de musiques, de la chanson fran\u00e7aise originale (Olive et Lou), aux reprises pop-\u00e9lectro (Les Affranchis) et se produit sur de nombreuses sc\u00e8nes et festivals. Fr\u00e9d\u00e9ric participe \u00e9galement \u00e0 plusieurs spectacles musicaux, et&hellip; <br \/> <a class=\"read-more\" href=\"https:\/\/www.cielesondesmots.com\/index.php\/artistes-image-son-et-lumiere\/\">Lire la suite<\/a><\/p>\n","protected":false},"author":2,"featured_media":0,"parent":0,"menu_order":0,"comment_status":"closed","ping_status":"closed","template":"","meta":{"footnotes":""},"class_list":["post-25","page","type-page","status-publish","hentry"],"_links":{"self":[{"href":"https:\/\/www.cielesondesmots.com\/index.php\/wp-json\/wp\/v2\/pages\/25","targetHints":{"allow":["GET"]}}],"collection":[{"href":"https:\/\/www.cielesondesmots.com\/index.php\/wp-json\/wp\/v2\/pages"}],"about":[{"href":"https:\/\/www.cielesondesmots.com\/index.php\/wp-json\/wp\/v2\/types\/page"}],"author":[{"embeddable":true,"href":"https:\/\/www.cielesondesmots.com\/index.php\/wp-json\/wp\/v2\/users\/2"}],"replies":[{"embeddable":true,"href":"https:\/\/www.cielesondesmots.com\/index.php\/wp-json\/wp\/v2\/comments?post=25"}],"version-history":[{"count":1,"href":"https:\/\/www.cielesondesmots.com\/index.php\/wp-json\/wp\/v2\/pages\/25\/revisions"}],"predecessor-version":[{"id":26,"href":"https:\/\/www.cielesondesmots.com\/index.php\/wp-json\/wp\/v2\/pages\/25\/revisions\/26"}],"wp:attachment":[{"href":"https:\/\/www.cielesondesmots.com\/index.php\/wp-json\/wp\/v2\/media?parent=25"}],"curies":[{"name":"wp","href":"https:\/\/api.w.org\/{rel}","templated":true}]}}